{"id":190,"date":"2025-10-08T11:06:39","date_gmt":"2025-10-08T14:06:39","guid":{"rendered":"https:\/\/midiaciencia.com\/novo\/?page_id=190"},"modified":"2026-01-13T07:16:04","modified_gmt":"2026-01-13T10:16:04","slug":"projetos","status":"publish","type":"page","link":"https:\/\/midiaciencia.com\/novo\/projetos\/","title":{"rendered":"Projetos"},"content":{"rendered":"\t\t<div data-elementor-type=\"wp-page\" data-elementor-id=\"190\" class=\"elementor elementor-190\" data-elementor-post-type=\"page\">\n\t\t\t\t<div class=\"elementor-element elementor-element-5edcf4e e-flex e-con-boxed wpr-particle-no wpr-jarallax-no wpr-parallax-no wpr-sticky-section-no e-con e-parent\" data-id=\"5edcf4e\" data-element_type=\"container\" data-settings=\"{&quot;background_background&quot;:&quot;classic&quot;}\">\n\t\t\t\t\t<div class=\"e-con-inner\">\n\t\t<div class=\"elementor-element elementor-element-612c7ea e-con-full e-flex wpr-particle-no wpr-jarallax-no wpr-parallax-no wpr-sticky-section-no e-con e-child\" data-id=\"612c7ea\" data-element_type=\"container\">\n\t\t\t\t<div class=\"elementor-element elementor-element-3544a27 elementor-widget__width-auto elementor-widget-mobile__width-inherit elementor-widget elementor-widget-heading\" data-id=\"3544a27\" data-element_type=\"widget\" data-widget_type=\"heading.default\">\n\t\t\t\t\t<h3 class=\"elementor-heading-title elementor-size-default\">Nossos projetos<\/h3>\t\t\t\t<\/div>\n\t\t\t\t<div class=\"elementor-element elementor-element-57732c0 elementor-widget__width-auto elementor-mobile-align-center elementor-widget-mobile__width-inherit elementor-widget elementor-widget-button\" data-id=\"57732c0\" data-element_type=\"widget\" data-widget_type=\"button.default\">\n\t\t\t\t\t\t\t\t\t\t<a class=\"elementor-button elementor-button-link elementor-size-sm\" href=\"#\">\n\t\t\t\t\t\t<span class=\"elementor-button-content-wrapper\">\n\t\t\t\t\t\t\t\t\t<span class=\"elementor-button-text\">All Classes<\/span>\n\t\t\t\t\t<\/span>\n\t\t\t\t\t<\/a>\n\t\t\t\t\t\t\t\t<\/div>\n\t\t\t\t<\/div>\n\t\t\t\t\t<\/div>\n\t\t\t\t<\/div>\n\t\t<div class=\"elementor-element elementor-element-176e17fe e-con-full e-flex wpr-particle-no wpr-jarallax-no wpr-parallax-no wpr-sticky-section-no e-con e-parent\" data-id=\"176e17fe\" data-element_type=\"container\" data-settings=\"{&quot;background_background&quot;:&quot;classic&quot;}\">\n\t\t\t\t<div class=\"elementor-element elementor-element-aba14f elementor-cta--valign-middle elementor-widget__width-initial elementor-cta--layout-image-above elementor-cta--skin-classic elementor-invisible elementor-widget elementor-widget-call-to-action\" data-id=\"aba14f\" data-element_type=\"widget\" data-settings=\"{&quot;_animation&quot;:&quot;fadeInUp&quot;}\" data-widget_type=\"call-to-action.default\">\n\t\t\t\t\t\t\t<a class=\"elementor-cta\" href=\"https:\/\/midiaciencia.com\/novo\/papo-de-ciencia\/\">\n\t\t\t\t\t<div class=\"elementor-cta__bg-wrapper\">\n\t\t\t\t<div class=\"elementor-cta__bg elementor-bg\" style=\"background-image: url(https:\/\/midiaciencia.com\/novo\/wp-content\/uploads\/2025\/10\/papociecia.jpg);\" role=\"img\" aria-label=\"papociecia\"><\/div>\n\t\t\t\t<div class=\"elementor-cta__bg-overlay\"><\/div>\n\t\t\t<\/div>\n\t\t\t\t\t\t\t<div class=\"elementor-cta__content\">\n\t\t\t\t\n\t\t\t\t\t\t\t\t\t<span class=\"elementor-cta__title elementor-cta__content-item elementor-content-item\">\n\t\t\t\t\t\tPapo de Ci\u00eancia\t\t\t\t\t<\/span>\n\t\t\t\t\n\t\t\t\t\t\t\t\t\t<div class=\"elementor-cta__description elementor-cta__content-item elementor-content-item\">\n\t\t\t\t\t\tTransmitido pela Rede Educativa e dispon\u00edvel no YouTube, o Papo de Ci\u00eancia leva ao p\u00fablico as hist\u00f3rias e ideias dos cientistas de Mato Grosso do Sul.\t\t\t\t\t<\/div>\n\t\t\t\t\n\t\t\t\t\t\t\t<\/div>\n\t\t\t\t\t\t<\/a>\n\t\t\t\t\t\t<\/div>\n\t\t\t\t<div class=\"elementor-element elementor-element-2a9498dc elementor-cta--valign-bottom elementor-widget__width-initial elementor-cta--layout-image-above elementor-cta--skin-classic elementor-invisible elementor-widget elementor-widget-call-to-action\" data-id=\"2a9498dc\" data-element_type=\"widget\" data-settings=\"{&quot;_animation&quot;:&quot;fadeInUp&quot;,&quot;_animation_delay&quot;:&quot;100&quot;}\" data-widget_type=\"call-to-action.default\">\n\t\t\t\t\t\t\t<a class=\"elementor-cta\" href=\"https:\/\/midiaciencia.com\/novo\/mulheres-na-ciencia\/\">\n\t\t\t\t\t<div class=\"elementor-cta__bg-wrapper\">\n\t\t\t\t<div class=\"elementor-cta__bg elementor-bg\" style=\"background-image: url(https:\/\/midiaciencia.com\/novo\/wp-content\/uploads\/2025\/10\/Personagens-do-Documentario-e1749674713409-730x480-1.jpg);\" role=\"img\" aria-label=\"Personagens-do-Documentario-e1749674713409-730x480-1\"><\/div>\n\t\t\t\t<div class=\"elementor-cta__bg-overlay\"><\/div>\n\t\t\t<\/div>\n\t\t\t\t\t\t\t<div class=\"elementor-cta__content\">\n\t\t\t\t\n\t\t\t\t\t\t\t\t\t<span class=\"elementor-cta__title elementor-cta__content-item elementor-content-item\">\n\t\t\t\t\t\tMulheres na ci\u00eancia\t\t\t\t\t<\/span>\n\t\t\t\t\n\t\t\t\t\t\t\t\t\t<div class=\"elementor-cta__description elementor-cta__content-item elementor-content-item\">\n\t\t\t\t\t\tProduzido pelo projeto M\u00eddia Ci\u00eancia, o document\u00e1rio \u201cMulheres na Ci\u00eancia\u201d retrata a trajet\u00f3ria de pesquisadoras de Mato Grosso do Sul\t\t\t\t\t<\/div>\n\t\t\t\t\n\t\t\t\t\t\t\t<\/div>\n\t\t\t\t\t\t<\/a>\n\t\t\t\t\t\t<\/div>\n\t\t\t\t<div class=\"elementor-element elementor-element-5bbecf3f elementor-cta--valign-bottom elementor-widget__width-initial elementor-cta--skin-classic elementor-invisible elementor-widget elementor-widget-call-to-action\" data-id=\"5bbecf3f\" data-element_type=\"widget\" data-settings=\"{&quot;_animation&quot;:&quot;fadeInUp&quot;,&quot;_animation_delay&quot;:&quot;200&quot;}\" data-widget_type=\"call-to-action.default\">\n\t\t\t\t\t\t\t<a class=\"elementor-cta\" href=\"https:\/\/midiaciencia.com\/novo\/curso-comunica-cientista\/\">\n\t\t\t\t\t<div class=\"elementor-cta__bg-wrapper\">\n\t\t\t\t<div class=\"elementor-cta__bg elementor-bg\" style=\"background-image: url(https:\/\/midiaciencia.com\/novo\/wp-content\/uploads\/2025\/10\/whatsapp-image-2023-06-29-at-20-43-34.jpg);\" role=\"img\" aria-label=\"whatsapp-image-2023-06-29-at-20-43-34\"><\/div>\n\t\t\t\t<div class=\"elementor-cta__bg-overlay\"><\/div>\n\t\t\t<\/div>\n\t\t\t\t\t\t\t<div class=\"elementor-cta__content\">\n\t\t\t\t\n\t\t\t\t\t\t\t\t\t<span class=\"elementor-cta__title elementor-cta__content-item elementor-content-item\">\n\t\t\t\t\t\tComunica Cientista\t\t\t\t\t<\/span>\n\t\t\t\t\n\t\t\t\t\t\t\t\t\t<div class=\"elementor-cta__description elementor-cta__content-item elementor-content-item\">\n\t\t\t\t\t\tO Curso Comunica Cientista foi criado para capacitar pesquisadores e educadores a comunicar suas ideias com mais clareza\t\t\t\t\t<\/div>\n\t\t\t\t\n\t\t\t\t\t\t\t<\/div>\n\t\t\t\t\t\t<\/a>\n\t\t\t\t\t\t<\/div>\n\t\t\t\t<div class=\"elementor-element elementor-element-6f7325a8 elementor-cta--valign-bottom elementor-widget__width-initial elementor-cta--skin-classic elementor-invisible elementor-widget elementor-widget-call-to-action\" data-id=\"6f7325a8\" data-element_type=\"widget\" data-settings=\"{&quot;_animation&quot;:&quot;fadeInUp&quot;,&quot;_animation_delay&quot;:&quot;300&quot;}\" data-widget_type=\"call-to-action.default\">\n\t\t\t\t\t\t\t<a class=\"elementor-cta\" href=\"https:\/\/midiaciencia.com\/novo\/coluna-jornalismo-2\/\">\n\t\t\t\t\t<div class=\"elementor-cta__bg-wrapper\">\n\t\t\t\t<div class=\"elementor-cta__bg elementor-bg\" style=\"background-image: url(https:\/\/midiaciencia.com\/novo\/wp-content\/uploads\/2025\/10\/gameshow.jpeg);\" role=\"img\" aria-label=\"gameshow\"><\/div>\n\t\t\t\t<div class=\"elementor-cta__bg-overlay\"><\/div>\n\t\t\t<\/div>\n\t\t\t\t\t\t\t<div class=\"elementor-cta__content\">\n\t\t\t\t\n\t\t\t\t\t\t\t\t\t<span class=\"elementor-cta__title elementor-cta__content-item elementor-content-item\">\n\t\t\t\t\t\tGame Show\t\t\t\t\t<\/span>\n\t\t\t\t\n\t\t\t\t\t\t\t\t\t<div class=\"elementor-cta__description elementor-cta__content-item elementor-content-item\">\n\t\t\t\t\t\tUma experi\u00eancia divertida e educativa que transforma o aprendizado em jogo e o conhecimento em ferramenta de futuro\t\t\t\t\t<\/div>\n\t\t\t\t\n\t\t\t\t\t\t\t<\/div>\n\t\t\t\t\t\t<\/a>\n\t\t\t\t\t\t<\/div>\n\t\t\t\t<div class=\"elementor-element elementor-element-46dd9748 elementor-cta--valign-bottom elementor-widget__width-initial elementor-cta--skin-classic elementor-invisible elementor-widget elementor-widget-call-to-action\" data-id=\"46dd9748\" data-element_type=\"widget\" data-settings=\"{&quot;_animation&quot;:&quot;fadeInUp&quot;,&quot;_animation_delay&quot;:&quot;400&quot;}\" data-widget_type=\"call-to-action.default\">\n\t\t\t\t\t\t\t<a class=\"elementor-cta\" href=\"https:\/\/midiaciencia.com\/novo\/detetive-capivara\/\">\n\t\t\t\t\t<div class=\"elementor-cta__bg-wrapper\">\n\t\t\t\t<div class=\"elementor-cta__bg elementor-bg\" style=\"background-image: url(https:\/\/midiaciencia.com\/novo\/wp-content\/uploads\/2025\/10\/detetivecapivara.jpg);\" role=\"img\" aria-label=\"detetivecapivara\"><\/div>\n\t\t\t\t<div class=\"elementor-cta__bg-overlay\"><\/div>\n\t\t\t<\/div>\n\t\t\t\t\t\t\t<div class=\"elementor-cta__content\">\n\t\t\t\t\n\t\t\t\t\t\t\t\t\t<span class=\"elementor-cta__title elementor-cta__content-item elementor-content-item\">\n\t\t\t\t\t\tDetetive Capivara\t\t\t\t\t<\/span>\n\t\t\t\t\n\t\t\t\t\t\t\t\t\t<div class=\"elementor-cta__description elementor-cta__content-item elementor-content-item\">\n\t\t\t\t\t\tEntre no universo da Detetive Jurema, uma investigadora nada convencional que mistura fic\u00e7\u00e3o, com\u00e9dia e ci\u00eancia para desvendar um crime misterioso\t\t\t\t\t<\/div>\n\t\t\t\t\n\t\t\t\t\t\t\t<\/div>\n\t\t\t\t\t\t<\/a>\n\t\t\t\t\t\t<\/div>\n\t\t\t\t<div class=\"elementor-element elementor-element-48921458 elementor-cta--valign-bottom elementor-widget__width-initial elementor-cta--skin-classic elementor-invisible elementor-widget elementor-widget-call-to-action\" data-id=\"48921458\" data-element_type=\"widget\" data-settings=\"{&quot;_animation&quot;:&quot;fadeInUp&quot;,&quot;_animation_delay&quot;:&quot;500&quot;}\" data-widget_type=\"call-to-action.default\">\n\t\t\t\t\t\t\t<div class=\"elementor-cta\">\n\t\t\t\t\t<div class=\"elementor-cta__bg-wrapper\">\n\t\t\t\t<div class=\"elementor-cta__bg elementor-bg\" style=\"background-image: url(https:\/\/midiaciencia.com\/novo\/wp-content\/uploads\/2025\/10\/slidehome.jpg);\" role=\"img\" aria-label=\"slidehome\"><\/div>\n\t\t\t\t<div class=\"elementor-cta__bg-overlay\"><\/div>\n\t\t\t<\/div>\n\t\t\t\t\t\t\t<div class=\"elementor-cta__content\">\n\t\t\t\t\n\t\t\t\t\t\t\t\t\t<span class=\"elementor-cta__title elementor-cta__content-item elementor-content-item\">\n\t\t\t\t\t\tAmoung us\t\t\t\t\t<\/span>\n\t\t\t\t\n\t\t\t\t\t\t\t\t\t<div class=\"elementor-cta__description elementor-cta__content-item elementor-content-item\">\n\t\t\t\t\t\tInspirado no universo de Among Us, o projeto leva experi\u00eancias interativas \u00e0s escolas p\u00fablicas de MS, despertando a curiosidade cient\u00edfica e apresentando caminhos para o ensino superior de forma criativa e envolvente.\t\t\t\t\t<\/div>\n\t\t\t\t\n\t\t\t\t\t\t\t<\/div>\n\t\t\t\t\t\t<\/div>\n\t\t\t\t\t\t<\/div>\n\t\t\t\t<div class=\"elementor-element elementor-element-1a28b21 elementor-cta--valign-bottom elementor-widget__width-initial elementor-cta--skin-classic elementor-invisible elementor-widget elementor-widget-call-to-action\" data-id=\"1a28b21\" data-element_type=\"widget\" data-settings=\"{&quot;_animation&quot;:&quot;fadeInUp&quot;,&quot;_animation_delay&quot;:&quot;500&quot;}\" data-widget_type=\"call-to-action.default\">\n\t\t\t\t\t\t\t<a class=\"elementor-cta\" href=\"https:\/\/midiaciencia.com\/novo\/comunica-jornalista\/\">\n\t\t\t\t\t<div class=\"elementor-cta__bg-wrapper\">\n\t\t\t\t<div class=\"elementor-cta__bg elementor-bg\" style=\"background-image: url(https:\/\/midiaciencia.com\/novo\/wp-content\/uploads\/2025\/10\/slidin.jpg);\" role=\"img\" aria-label=\"slidin\"><\/div>\n\t\t\t\t<div class=\"elementor-cta__bg-overlay\"><\/div>\n\t\t\t<\/div>\n\t\t\t\t\t\t\t<div class=\"elementor-cta__content\">\n\t\t\t\t\n\t\t\t\t\t\t\t\t\t<span class=\"elementor-cta__title elementor-cta__content-item elementor-content-item\">\n\t\t\t\t\t\tComunica Jornalista\t\t\t\t\t<\/span>\n\t\t\t\t\n\t\t\t\t\t\t\t\t\t<div class=\"elementor-cta__description elementor-cta__content-item elementor-content-item\">\n\t\t\t\t\t\tO Curso Comunica Jornalista reuniu comunicadores, educadores e pesquisadores para discutir e aprimorar a forma como a ci\u00eancia \u00e9 contada\t\t\t\t\t<\/div>\n\t\t\t\t\n\t\t\t\t\t\t\t<\/div>\n\t\t\t\t\t\t<\/a>\n\t\t\t\t\t\t<\/div>\n\t\t\t\t<div class=\"elementor-element elementor-element-67c6db5 elementor-cta--valign-bottom elementor-widget__width-initial elementor-cta--skin-classic elementor-invisible elementor-widget elementor-widget-call-to-action\" data-id=\"67c6db5\" data-element_type=\"widget\" data-settings=\"{&quot;_animation&quot;:&quot;fadeInUp&quot;,&quot;_animation_delay&quot;:&quot;500&quot;}\" data-widget_type=\"call-to-action.default\">\n\t\t\t\t\t\t\t<a class=\"elementor-cta\" href=\"https:\/\/midiaciencia.com\/novo\/entrevistas-luiza-tenan\/\">\n\t\t\t\t\t<div class=\"elementor-cta__bg-wrapper\">\n\t\t\t\t<div class=\"elementor-cta__bg elementor-bg\" style=\"background-image: url(https:\/\/midiaciencia.com\/novo\/wp-content\/uploads\/2026\/01\/Cintia-Diallo-07-O-Racismo-Esta-Relacionado-a-Condicao-Social.png);\" role=\"img\" aria-label=\"Cintia Diallo - 07 - O Racismo Esta\u0301 Relacionado a Condic\u0327a\u0303o Social\"><\/div>\n\t\t\t\t<div class=\"elementor-cta__bg-overlay\"><\/div>\n\t\t\t<\/div>\n\t\t\t\t\t\t\t<div class=\"elementor-cta__content\">\n\t\t\t\t\n\t\t\t\t\t\t\t\t\t<span class=\"elementor-cta__title elementor-cta__content-item elementor-content-item\">\n\t\t\t\t\t\tEntrevistas Lu\u00edza Tenan\t\t\t\t\t<\/span>\n\t\t\t\t\n\t\t\t\t\t\t\t\t\t<div class=\"elementor-cta__description elementor-cta__content-item elementor-content-item\">\n\t\t\t\t\t\tAs entrevistas conduzidas pela jornalista Luiza Tenan foram, acima de tudo, boas conversas.\t\t\t\t\t<\/div>\n\t\t\t\t\n\t\t\t\t\t\t\t<\/div>\n\t\t\t\t\t\t<\/a>\n\t\t\t\t\t\t<\/div>\n\t\t\t\t<div class=\"elementor-element elementor-element-693ec6d elementor-cta--valign-bottom elementor-widget__width-initial elementor-cta--skin-classic elementor-invisible elementor-widget elementor-widget-call-to-action\" data-id=\"693ec6d\" data-element_type=\"widget\" data-settings=\"{&quot;_animation&quot;:&quot;fadeInUp&quot;,&quot;_animation_delay&quot;:&quot;500&quot;}\" data-widget_type=\"call-to-action.default\">\n\t\t\t\t\t\t\t<a class=\"elementor-cta\" href=\"https:\/\/midiaciencia.com\/novo\/uems-na-comunidade\/\">\n\t\t\t\t\t<div class=\"elementor-cta__bg-wrapper\">\n\t\t\t\t<div class=\"elementor-cta__bg elementor-bg\" style=\"background-image: url(https:\/\/midiaciencia.com\/novo\/wp-content\/uploads\/2025\/10\/uemscomunidade.png);\" role=\"img\" aria-label=\"uemscomunidade\"><\/div>\n\t\t\t\t<div class=\"elementor-cta__bg-overlay\"><\/div>\n\t\t\t<\/div>\n\t\t\t\t\t\t\t<div class=\"elementor-cta__content\">\n\t\t\t\t\n\t\t\t\t\t\t\t\t\t<span class=\"elementor-cta__title elementor-cta__content-item elementor-content-item\">\n\t\t\t\t\t\tUems na comunidade\t\t\t\t\t<\/span>\n\t\t\t\t\n\t\t\t\t\t\t\t\t\t<div class=\"elementor-cta__description elementor-cta__content-item elementor-content-item\">\n\t\t\t\t\t\tO M\u00eddia Ci\u00eancia apoia a realiza\u00e7\u00e3o do Projeto UEMS na Comunidade, a maior a\u00e7\u00e3o de extens\u00e3o de Mato Grosso do Sul\t\t\t\t\t<\/div>\n\t\t\t\t\n\t\t\t\t\t\t\t<\/div>\n\t\t\t\t\t\t<\/a>\n\t\t\t\t\t\t<\/div>\n\t\t\t\t<div class=\"elementor-element elementor-element-957bb3b elementor-cta--valign-bottom elementor-widget__width-initial elementor-cta--skin-classic elementor-invisible elementor-widget elementor-widget-call-to-action\" data-id=\"957bb3b\" data-element_type=\"widget\" data-settings=\"{&quot;_animation&quot;:&quot;fadeInUp&quot;,&quot;_animation_delay&quot;:&quot;500&quot;}\" data-widget_type=\"call-to-action.default\">\n\t\t\t\t\t\t\t<a class=\"elementor-cta\" href=\"https:\/\/midiaciencia.com\/novo\/labpop\/\">\n\t\t\t\t\t<div class=\"elementor-cta__bg-wrapper\">\n\t\t\t\t<div class=\"elementor-cta__bg elementor-bg\" style=\"background-image: url(https:\/\/midiaciencia.com\/novo\/wp-content\/uploads\/2025\/10\/Gallery-Marketing-Agency.jpg);\" role=\"img\" aria-label=\"Gallery-Marketing-Agency.jpg\"><\/div>\n\t\t\t\t<div class=\"elementor-cta__bg-overlay\"><\/div>\n\t\t\t<\/div>\n\t\t\t\t\t\t\t<div class=\"elementor-cta__content\">\n\t\t\t\t\n\t\t\t\t\t\t\t\t\t<span class=\"elementor-cta__title elementor-cta__content-item elementor-content-item\">\n\t\t\t\t\t\tLAbPop\t\t\t\t\t<\/span>\n\t\t\t\t\n\t\t\t\t\t\t\t\t\t<div class=\"elementor-cta__description elementor-cta__content-item elementor-content-item\">\n\t\t\t\t\t\tO M\u00eddia Ci\u00eancia se institucionalizou na Universidade Estadual de Mato Grosso do Sul (UEMS) por meio da cria\u00e7\u00e3o do Laborat\u00f3rio de Populariza\u00e7\u00e3o da Ci\u00eancia (LabPop)\t\t\t\t\t<\/div>\n\t\t\t\t\n\t\t\t\t\t\t\t<\/div>\n\t\t\t\t\t\t<\/a>\n\t\t\t\t\t\t<\/div>\n\t\t\t\t<div class=\"elementor-element elementor-element-6204a21 elementor-cta--valign-bottom elementor-widget__width-initial elementor-cta--skin-classic elementor-invisible elementor-widget elementor-widget-call-to-action\" data-id=\"6204a21\" data-element_type=\"widget\" data-settings=\"{&quot;_animation&quot;:&quot;fadeInUp&quot;,&quot;_animation_delay&quot;:&quot;500&quot;}\" data-widget_type=\"call-to-action.default\">\n\t\t\t\t\t\t\t<a class=\"elementor-cta\" href=\"https:\/\/midiaciencia.com\/novo\/disciplina-jornalismo\/\">\n\t\t\t\t\t<div class=\"elementor-cta__bg-wrapper\">\n\t\t\t\t<div class=\"elementor-cta__bg elementor-bg\" style=\"background-image: url(https:\/\/midiaciencia.com\/novo\/wp-content\/uploads\/2025\/11\/disciplina.jpg);\" role=\"img\" aria-label=\"disciplina\"><\/div>\n\t\t\t\t<div class=\"elementor-cta__bg-overlay\"><\/div>\n\t\t\t<\/div>\n\t\t\t\t\t\t\t<div class=\"elementor-cta__content\">\n\t\t\t\t\n\t\t\t\t\t\t\t\t\t<span class=\"elementor-cta__title elementor-cta__content-item elementor-content-item\">\n\t\t\t\t\t\tDisciplina Jornalismo\t\t\t\t\t<\/span>\n\t\t\t\t\n\t\t\t\t\t\t\t\t\t<div class=\"elementor-cta__description elementor-cta__content-item elementor-content-item\">\n\t\t\t\t\t\tComo parte do projeto MS +Ci\u00eancia, o coordenador ministrou, de forma volunt\u00e1ria, a disciplina Jornalismo Cient\u00edfico no curso de Jornalismo da UFMS\t\t\t\t\t<\/div>\n\t\t\t\t\n\t\t\t\t\t\t\t<\/div>\n\t\t\t\t\t\t<\/a>\n\t\t\t\t\t\t<\/div>\n\t\t\t\t<div class=\"elementor-element elementor-element-2cbebd4 elementor-cta--valign-bottom elementor-widget__width-initial elementor-cta--skin-classic elementor-invisible elementor-widget elementor-widget-call-to-action\" data-id=\"2cbebd4\" data-element_type=\"widget\" data-settings=\"{&quot;_animation&quot;:&quot;fadeInUp&quot;,&quot;_animation_delay&quot;:&quot;500&quot;}\" data-widget_type=\"call-to-action.default\">\n\t\t\t\t\t\t\t<a class=\"elementor-cta\" href=\"https:\/\/midiaciencia.com\/novo\/acoes-em-aldeias\/\">\n\t\t\t\t\t<div class=\"elementor-cta__bg-wrapper\">\n\t\t\t\t<div class=\"elementor-cta__bg elementor-bg\" style=\"background-image: url(https:\/\/midiaciencia.com\/novo\/wp-content\/uploads\/2025\/11\/20240705_1335220-scaled.jpg);\" role=\"img\" aria-label=\"20240705_133522(0)\"><\/div>\n\t\t\t\t<div class=\"elementor-cta__bg-overlay\"><\/div>\n\t\t\t<\/div>\n\t\t\t\t\t\t\t<div class=\"elementor-cta__content\">\n\t\t\t\t\n\t\t\t\t\t\t\t\t\t<span class=\"elementor-cta__title elementor-cta__content-item elementor-content-item\">\n\t\t\t\t\t\tA\u00e7\u00f5es em aldeias\t\t\t\t\t<\/span>\n\t\t\t\t\n\t\t\t\t\t\t\t\t\t<div class=\"elementor-cta__description elementor-cta__content-item elementor-content-item\">\n\t\t\t\t\t\tO MS +Ci\u00eancia tem realizado a\u00e7\u00f5es presenciais em diversas aldeias de Mato Grosso do Sul com o objetivo de aproximar as comunidades ind\u00edgenas das universidades p\u00fablicas do estado\t\t\t\t\t<\/div>\n\t\t\t\t\n\t\t\t\t\t\t\t<\/div>\n\t\t\t\t\t\t<\/a>\n\t\t\t\t\t\t<\/div>\n\t\t\t\t<div class=\"elementor-element elementor-element-9dd4f4c elementor-cta--valign-bottom elementor-widget__width-initial elementor-cta--skin-classic elementor-invisible elementor-widget elementor-widget-call-to-action\" data-id=\"9dd4f4c\" data-element_type=\"widget\" data-settings=\"{&quot;_animation&quot;:&quot;fadeInUp&quot;,&quot;_animation_delay&quot;:&quot;500&quot;}\" data-widget_type=\"call-to-action.default\">\n\t\t\t\t\t\t\t<a class=\"elementor-cta\" href=\"https:\/\/midiaciencia.com\/novo\/articulacao-com-o-programa-de-iniciacao-cientifica-junior-pictec-2\/\">\n\t\t\t\t\t<div class=\"elementor-cta__bg-wrapper\">\n\t\t\t\t<div class=\"elementor-cta__bg elementor-bg\" style=\"background-image: url(https:\/\/midiaciencia.com\/novo\/wp-content\/uploads\/2025\/11\/1-Capa-1-730x480-1.jpg);\" role=\"img\" aria-label=\"1-Capa-1-730x480\"><\/div>\n\t\t\t\t<div class=\"elementor-cta__bg-overlay\"><\/div>\n\t\t\t<\/div>\n\t\t\t\t\t\t\t<div class=\"elementor-cta__content\">\n\t\t\t\t\n\t\t\t\t\t\t\t\t\t<span class=\"elementor-cta__title elementor-cta__content-item elementor-content-item\">\n\t\t\t\t\t\tPICTEC\t\t\t\t\t<\/span>\n\t\t\t\t\n\t\t\t\t\t\t\t\t\t<div class=\"elementor-cta__description elementor-cta__content-item elementor-content-item\">\n\t\t\t\t\t\tO projeto tem atuado em parceria e apoio ao Programa de Inicia\u00e7\u00e3o Cient\u00edfica J\u00fanior (PICTEC), fortalecendo a forma\u00e7\u00e3o de jovens pesquisadores da educa\u00e7\u00e3o b\u00e1sica. \t\t\t\t\t<\/div>\n\t\t\t\t\n\t\t\t\t\t\t\t<\/div>\n\t\t\t\t\t\t<\/a>\n\t\t\t\t\t\t<\/div>\n\t\t\t\t<div class=\"elementor-element elementor-element-9b2bdef elementor-cta--valign-top elementor-widget__width-initial elementor-cta--skin-classic elementor-invisible elementor-widget elementor-widget-call-to-action\" data-id=\"9b2bdef\" data-element_type=\"widget\" data-settings=\"{&quot;_animation&quot;:&quot;fadeInUp&quot;,&quot;_animation_delay&quot;:&quot;500&quot;}\" data-widget_type=\"call-to-action.default\">\n\t\t\t\t\t\t\t<a class=\"elementor-cta\" href=\"https:\/\/midiaciencia.com\/novo\/encontro-de-iniciacao-cientifica-no-bioparque-pantanal\/\">\n\t\t\t\t\t<div class=\"elementor-cta__bg-wrapper\">\n\t\t\t\t<div class=\"elementor-cta__bg elementor-bg\" style=\"background-image: url(https:\/\/midiaciencia.com\/novo\/wp-content\/uploads\/2025\/11\/WhatsApp-Image-2024-12-05-at-10.14.12.jpeg);\" role=\"img\" aria-label=\"WhatsApp-Image-2024-12-05-at-10.14.12\"><\/div>\n\t\t\t\t<div class=\"elementor-cta__bg-overlay\"><\/div>\n\t\t\t<\/div>\n\t\t\t\t\t\t\t<div class=\"elementor-cta__content\">\n\t\t\t\t\n\t\t\t\t\t\t\t\t\t<span class=\"elementor-cta__title elementor-cta__content-item elementor-content-item\">\n\t\t\t\t\t\tEncontro de Inicia\u00e7\u00e3o Cient\u00edfica no Bioparque Pantanal\t\t\t\t\t<\/span>\n\t\t\t\t\n\t\t\t\t\t\t\t\t\t<div class=\"elementor-cta__description elementor-cta__content-item elementor-content-item\">\n\t\t\t\t\t\tO MS +Ci\u00eancia tem realizado a\u00e7\u00f5es presenciais em diversas aldeias de Mato Grosso do Sul com o objetivo de aproximar as comunidades ind\u00edgenas das universidades p\u00fablicas do estado \t\t\t\t\t<\/div>\n\t\t\t\t\n\t\t\t\t\t\t\t<\/div>\n\t\t\t\t\t\t<\/a>\n\t\t\t\t\t\t<\/div>\n\t\t\t\t<div class=\"elementor-element elementor-element-269b391 elementor-cta--valign-bottom elementor-widget__width-initial elementor-cta--skin-classic elementor-invisible elementor-widget elementor-widget-call-to-action\" data-id=\"269b391\" data-element_type=\"widget\" data-settings=\"{&quot;_animation&quot;:&quot;fadeInUp&quot;,&quot;_animation_delay&quot;:&quot;500&quot;}\" data-widget_type=\"call-to-action.default\">\n\t\t\t\t\t\t\t<a class=\"elementor-cta\" href=\"https:\/\/midiaciencia.com\/novo\/articulacao-com-o-programa-de-iniciacao-cientifica-junior-pictec\/\">\n\t\t\t\t\t<div class=\"elementor-cta__bg-wrapper\">\n\t\t\t\t<div class=\"elementor-cta__bg elementor-bg\" style=\"background-image: url(https:\/\/midiaciencia.com\/novo\/wp-content\/uploads\/2026\/01\/Historias-de-Rua.png);\" role=\"img\" aria-label=\"Histo\u0301rias de Rua\"><\/div>\n\t\t\t\t<div class=\"elementor-cta__bg-overlay\"><\/div>\n\t\t\t<\/div>\n\t\t\t\t\t\t\t<div class=\"elementor-cta__content\">\n\t\t\t\t\n\t\t\t\t\t\t\t\t\t<span class=\"elementor-cta__title elementor-cta__content-item elementor-content-item\">\n\t\t\t\t\t\tHist\u00f3rias de Rua\t\t\t\t\t<\/span>\n\t\t\t\t\n\t\t\t\t\t\t\t\t\t<div class=\"elementor-cta__description elementor-cta__content-item elementor-content-item\">\n\t\t\t\t\t\tCampo Grande completou 126 anos e, para celebrar essa hist\u00f3ria, a gente resolveu olhar para a cidade de um jeito diferente: pelas placas de rua. \t\t\t\t\t<\/div>\n\t\t\t\t\n\t\t\t\t\t\t\t<\/div>\n\t\t\t\t\t\t<\/a>\n\t\t\t\t\t\t<\/div>\n\t\t\t\t<div class=\"elementor-element elementor-element-c7cdad9 elementor-cta--valign-bottom elementor-widget__width-initial elementor-cta--skin-classic elementor-invisible elementor-widget elementor-widget-call-to-action\" data-id=\"c7cdad9\" data-element_type=\"widget\" data-settings=\"{&quot;_animation&quot;:&quot;fadeInUp&quot;,&quot;_animation_delay&quot;:&quot;500&quot;}\" data-widget_type=\"call-to-action.default\">\n\t\t\t\t\t\t\t<a class=\"elementor-cta\" href=\"https:\/\/midiaciencia.com\/novo\/realidade-virtual-na-pantanaltech\/\">\n\t\t\t\t\t<div class=\"elementor-cta__bg-wrapper\">\n\t\t\t\t<div class=\"elementor-cta__bg elementor-bg\" style=\"background-image: url(https:\/\/midiaciencia.com\/novo\/wp-content\/uploads\/2025\/11\/oculos3d.jpg);\" role=\"img\" aria-label=\"oculos3d\"><\/div>\n\t\t\t\t<div class=\"elementor-cta__bg-overlay\"><\/div>\n\t\t\t<\/div>\n\t\t\t\t\t\t\t<div class=\"elementor-cta__content\">\n\t\t\t\t\n\t\t\t\t\t\t\t\t\t<span class=\"elementor-cta__title elementor-cta__content-item elementor-content-item\">\n\t\t\t\t\t\tExperi\u00eancia em realidade virtual\t\t\t\t\t<\/span>\n\t\t\t\t\n\t\t\t\t\t\t\t\t\t<div class=\"elementor-cta__description elementor-cta__content-item elementor-content-item\">\n\t\t\t\t\t\tO M\u00eddia Ci\u00eancia tem participado ativamente das edi\u00e7\u00f5es da PantanalTech\t\t\t\t\t<\/div>\n\t\t\t\t\n\t\t\t\t\t\t\t<\/div>\n\t\t\t\t\t\t<\/a>\n\t\t\t\t\t\t<\/div>\n\t\t\t\t<div class=\"elementor-element elementor-element-1df57d0 elementor-cta--valign-bottom elementor-widget__width-initial elementor-cta--skin-classic elementor-invisible elementor-widget elementor-widget-call-to-action\" data-id=\"1df57d0\" data-element_type=\"widget\" data-settings=\"{&quot;_animation&quot;:&quot;fadeInUp&quot;,&quot;_animation_delay&quot;:&quot;500&quot;}\" data-widget_type=\"call-to-action.default\">\n\t\t\t\t\t\t\t<a class=\"elementor-cta\" href=\"https:\/\/midiaciencia.com\/novo\/premio-jornalismo\/\">\n\t\t\t\t\t<div class=\"elementor-cta__bg-wrapper\">\n\t\t\t\t<div class=\"elementor-cta__bg elementor-bg\" style=\"background-image: url(https:\/\/midiaciencia.com\/novo\/wp-content\/uploads\/2025\/11\/Screenshot_20181029-171931_WhatsApp.jpg);\" role=\"img\" aria-label=\"Screenshot_20181029-171931_WhatsApp\"><\/div>\n\t\t\t\t<div class=\"elementor-cta__bg-overlay\"><\/div>\n\t\t\t<\/div>\n\t\t\t\t\t\t\t<div class=\"elementor-cta__content\">\n\t\t\t\t\n\t\t\t\t\t\t\t\t\t<span class=\"elementor-cta__title elementor-cta__content-item elementor-content-item\">\n\t\t\t\t\t\tPr\u00eamio Est\u00e1cio de Jornalismo em Educa\u00e7\u00e3o\t\t\t\t\t<\/span>\n\t\t\t\t\n\t\t\t\t\t\t\t\t\t<div class=\"elementor-cta__description elementor-cta__content-item elementor-content-item\">\n\t\t\t\t\t\tUma reportagem especial sobre sa\u00fade mental de professores universit\u00e1rios, produzida pelo M\u00eddia Ci\u00eancia, foi finalista do Pr\u00eamio Est\u00e1cio de Jornalismo em Educa\u00e7\u00e3o no ano de 2017.\t\t\t\t\t<\/div>\n\t\t\t\t\n\t\t\t\t\t\t\t<\/div>\n\t\t\t\t\t\t<\/a>\n\t\t\t\t\t\t<\/div>\n\t\t\t\t<div class=\"elementor-element elementor-element-a159391 elementor-cta--valign-bottom elementor-widget__width-initial elementor-cta--skin-classic elementor-invisible elementor-widget elementor-widget-call-to-action\" data-id=\"a159391\" data-element_type=\"widget\" data-settings=\"{&quot;_animation&quot;:&quot;fadeInUp&quot;,&quot;_animation_delay&quot;:&quot;500&quot;}\" data-widget_type=\"call-to-action.default\">\n\t\t\t\t\t\t\t<a class=\"elementor-cta\" href=\"https:\/\/midiaciencia.com\/novo\/mascotes-uems\/\">\n\t\t\t\t\t<div class=\"elementor-cta__bg-wrapper\">\n\t\t\t\t<div class=\"elementor-cta__bg elementor-bg\" style=\"background-image: url(https:\/\/midiaciencia.com\/novo\/wp-content\/uploads\/2026\/01\/mascotes.png);\" role=\"img\" aria-label=\"mascotes\"><\/div>\n\t\t\t\t<div class=\"elementor-cta__bg-overlay\"><\/div>\n\t\t\t<\/div>\n\t\t\t\t\t\t\t<div class=\"elementor-cta__content\">\n\t\t\t\t\n\t\t\t\t\t\t\t\t\t<span class=\"elementor-cta__title elementor-cta__content-item elementor-content-item\">\n\t\t\t\t\t\tCampanha Mascotes UEMS\t\t\t\t\t<\/span>\n\t\t\t\t\n\t\t\t\t\t\t\t\t\t<div class=\"elementor-cta__description elementor-cta__content-item elementor-content-item\">\n\t\t\t\t\t\tA UEMS est\u00e1 vivendo um momento diferente e cheio de participa\u00e7\u00e3o: a campanha de elei\u00e7\u00e3o dos mascotes! \t\t\t\t\t<\/div>\n\t\t\t\t\n\t\t\t\t\t\t\t<\/div>\n\t\t\t\t\t\t<\/a>\n\t\t\t\t\t\t<\/div>\n\t\t\t\t<\/div>\n\t\t\t\t<\/div>\n\t\t","protected":false},"excerpt":{"rendered":"<p>Nossos projetos All Classes Papo de Ci\u00eancia Transmitido pela Rede Educativa e dispon\u00edvel no YouTube, o Papo de Ci\u00eancia leva ao p\u00fablico as hist\u00f3rias e ideias dos cientistas de Mato Grosso do Sul. Mulheres na ci\u00eancia Produzido pelo projeto M\u00eddia Ci\u00eancia, o document\u00e1rio \u201cMulheres na Ci\u00eancia\u201d retrata a trajet\u00f3ria de pesquisadoras de Mato Grosso do Sul Comunica Cientista O Curso Comunica Cientista foi criado para capacitar pesquisadores e educadores a comunicar suas ideias com mais clareza Game Show Uma experi\u00eancia divertida e educativa que transforma o aprendizado em jogo e o conhecimento em ferramenta de futuro Detetive Capivara Entre no universo da Detetive Jurema, uma investigadora nada convencional que mistura fic\u00e7\u00e3o, com\u00e9dia e ci\u00eancia para desvendar um crime misterioso Amoung us Inspirado no universo de Among Us, o projeto leva experi\u00eancias interativas \u00e0s escolas p\u00fablicas de MS, despertando a curiosidade cient\u00edfica e apresentando caminhos para o ensino superior de forma criativa e envolvente. Comunica Jornalista O Curso Comunica Jornalista reuniu comunicadores, educadores e pesquisadores para discutir e aprimorar a forma como a ci\u00eancia \u00e9 contada Entrevistas Lu\u00edza Tenan As entrevistas conduzidas pela jornalista Luiza Tenan foram, acima de tudo, boas conversas. Uems na comunidade O M\u00eddia Ci\u00eancia apoia a realiza\u00e7\u00e3o do Projeto UEMS na Comunidade, a maior a\u00e7\u00e3o de extens\u00e3o de Mato Grosso do Sul LAbPop O M\u00eddia Ci\u00eancia se institucionalizou na Universidade Estadual de Mato Grosso do Sul (UEMS) por meio da cria\u00e7\u00e3o do Laborat\u00f3rio de Populariza\u00e7\u00e3o da Ci\u00eancia (LabPop) Disciplina Jornalismo Como parte do projeto MS +Ci\u00eancia, o coordenador ministrou, de forma volunt\u00e1ria, a disciplina Jornalismo Cient\u00edfico no curso de Jornalismo da UFMS A\u00e7\u00f5es em aldeias O MS +Ci\u00eancia tem realizado a\u00e7\u00f5es presenciais em diversas aldeias de Mato Grosso do Sul com o objetivo de aproximar as comunidades ind\u00edgenas das universidades p\u00fablicas do estado PICTEC O projeto tem atuado em parceria e apoio ao Programa de Inicia\u00e7\u00e3o Cient\u00edfica J\u00fanior (PICTEC), fortalecendo a forma\u00e7\u00e3o de jovens pesquisadores da educa\u00e7\u00e3o b\u00e1sica. Encontro de Inicia\u00e7\u00e3o Cient\u00edfica no Bioparque Pantanal O MS +Ci\u00eancia tem realizado a\u00e7\u00f5es presenciais em diversas aldeias de Mato Grosso do Sul com o objetivo de aproximar as comunidades ind\u00edgenas das universidades p\u00fablicas do estado Hist\u00f3rias de Rua Campo Grande completou 126 anos e, para celebrar essa hist\u00f3ria, a gente resolveu olhar para a cidade de um jeito diferente: pelas placas de rua. Experi\u00eancia em realidade virtual O M\u00eddia Ci\u00eancia tem participado ativamente das edi\u00e7\u00f5es da PantanalTech Pr\u00eamio Est\u00e1cio de Jornalismo em Educa\u00e7\u00e3o Uma reportagem especial sobre sa\u00fade mental de professores universit\u00e1rios, produzida pelo M\u00eddia Ci\u00eancia, foi finalista do Pr\u00eamio Est\u00e1cio de Jornalismo em Educa\u00e7\u00e3o no ano de 2017. Campanha Mascotes UEMS A UEMS est\u00e1 vivendo um momento diferente e cheio de participa\u00e7\u00e3o: a campanha de elei\u00e7\u00e3o dos mascotes!<\/p>\n","protected":false},"author":1,"featured_media":0,"parent":0,"menu_order":0,"comment_status":"closed","ping_status":"closed","template":"","meta":{"_eb_attr":"","footnotes":""},"categories":[],"tags":[],"class_list":["post-190","page","type-page","status-publish","hentry"],"_links":{"self":[{"href":"https:\/\/midiaciencia.com\/novo\/wp-json\/wp\/v2\/pages\/190","targetHints":{"allow":["GET"]}}],"collection":[{"href":"https:\/\/midiaciencia.com\/novo\/wp-json\/wp\/v2\/pages"}],"about":[{"href":"https:\/\/midiaciencia.com\/novo\/wp-json\/wp\/v2\/types\/page"}],"author":[{"embeddable":true,"href":"https:\/\/midiaciencia.com\/novo\/wp-json\/wp\/v2\/users\/1"}],"replies":[{"embeddable":true,"href":"https:\/\/midiaciencia.com\/novo\/wp-json\/wp\/v2\/comments?post=190"}],"version-history":[{"count":194,"href":"https:\/\/midiaciencia.com\/novo\/wp-json\/wp\/v2\/pages\/190\/revisions"}],"predecessor-version":[{"id":721,"href":"https:\/\/midiaciencia.com\/novo\/wp-json\/wp\/v2\/pages\/190\/revisions\/721"}],"wp:attachment":[{"href":"https:\/\/midiaciencia.com\/novo\/wp-json\/wp\/v2\/media?parent=190"}],"wp:term":[{"taxonomy":"category","embeddable":true,"href":"https:\/\/midiaciencia.com\/novo\/wp-json\/wp\/v2\/categories?post=190"},{"taxonomy":"post_tag","embeddable":true,"href":"https:\/\/midiaciencia.com\/novo\/wp-json\/wp\/v2\/tags?post=190"}],"curies":[{"name":"wp","href":"https:\/\/api.w.org\/{rel}","templated":true}]}}