{"id":247,"date":"2025-10-08T15:29:03","date_gmt":"2025-10-08T18:29:03","guid":{"rendered":"https:\/\/midiaciencia.com\/novo\/?page_id=247"},"modified":"2026-01-13T09:39:49","modified_gmt":"2026-01-13T12:39:49","slug":"premio-confap","status":"publish","type":"page","link":"https:\/\/midiaciencia.com\/novo\/premio-confap\/","title":{"rendered":"Pr\u00eamio Confap"},"content":{"rendered":"\t\t<div data-elementor-type=\"wp-post\" data-elementor-id=\"247\" class=\"elementor elementor-247\" data-elementor-post-type=\"page\">\n\t\t\t\t<div class=\"elementor-element elementor-element-5c724ac5 e-con-full e-flex wpr-particle-no wpr-jarallax-no wpr-parallax-no wpr-sticky-section-no e-con e-parent\" data-id=\"5c724ac5\" data-element_type=\"container\" data-settings=\"{&quot;background_background&quot;:&quot;classic&quot;}\">\n\t\t<div class=\"elementor-element elementor-element-604d6959 e-con-full e-flex wpr-particle-no wpr-jarallax-no wpr-parallax-no wpr-sticky-section-no e-con e-child\" data-id=\"604d6959\" data-element_type=\"container\">\n\t\t\t\t<div class=\"elementor-element elementor-element-667061ae elementor-widget__width-inherit elementor-widget-divider--view-line elementor-invisible elementor-widget elementor-widget-divider\" data-id=\"667061ae\" data-element_type=\"widget\" data-settings=\"{&quot;_animation&quot;:&quot;fadeInLeft&quot;}\" data-widget_type=\"divider.default\">\n\t\t\t\t\t\t\t<div class=\"elementor-divider\">\n\t\t\t<span class=\"elementor-divider-separator\">\n\t\t\t\t\t\t<\/span>\n\t\t<\/div>\n\t\t\t\t\t\t<\/div>\n\t\t\t\t<div class=\"elementor-element elementor-element-634ccbcb elementor-widget__width-initial elementor-widget-tablet__width-inherit elementor-widget elementor-widget-heading\" data-id=\"634ccbcb\" data-element_type=\"widget\" data-widget_type=\"heading.default\">\n\t\t\t\t\t<h2 class=\"elementor-heading-title elementor-size-default\">P\u00eamios e homenagens do projeto<\/h2>\t\t\t\t<\/div>\n\t\t\t\t<div class=\"elementor-element elementor-element-769f21bf elementor-widget__width-initial elementor-widget-tablet__width-inherit elementor-widget elementor-widget-text-editor\" data-id=\"769f21bf\" data-element_type=\"widget\" data-widget_type=\"text-editor.default\">\n\t\t\t\t\t\t\t\t\t<p class=\"p1\">O projeto <span class=\"s1\"><b>Midia Ci\u00eancia<\/b><\/span>\u00a0dedicado \u00e0 populariza\u00e7\u00e3o da ci\u00eancia em Mato Grosso do Sul, tem seu trabalho reconhecido nacionalmente, reafirmando a relev\u00e2ncia de suas a\u00e7\u00f5es na promo\u00e7\u00e3o do acesso democr\u00e1tico ao conhecimento cient\u00edfico.<\/p>\t\t\t\t\t\t\t\t<\/div>\n\t\t\t\t<\/div>\n\t\t\t\t<div class=\"elementor-element elementor-element-da7b5a0 elementor-widget__width-inherit elementor-invisible elementor-widget elementor-widget-image\" data-id=\"da7b5a0\" data-element_type=\"widget\" data-settings=\"{&quot;_animation&quot;:&quot;fadeInUp&quot;}\" data-widget_type=\"image.default\">\n\t\t\t\t\t\t\t\t\t\t\t\t\t\t\t<img fetchpriority=\"high\" decoding=\"async\" width=\"1920\" height=\"1123\" src=\"https:\/\/midiaciencia.com\/novo\/wp-content\/uploads\/2025\/10\/premioconfap.png\" class=\"attachment-full size-full wp-image-250\" alt=\"\" srcset=\"https:\/\/midiaciencia.com\/novo\/wp-content\/uploads\/2025\/10\/premioconfap.png 1920w, https:\/\/midiaciencia.com\/novo\/wp-content\/uploads\/2025\/10\/premioconfap-300x175.png 300w, https:\/\/midiaciencia.com\/novo\/wp-content\/uploads\/2025\/10\/premioconfap-1024x599.png 1024w, https:\/\/midiaciencia.com\/novo\/wp-content\/uploads\/2025\/10\/premioconfap-768x449.png 768w, https:\/\/midiaciencia.com\/novo\/wp-content\/uploads\/2025\/10\/premioconfap-1536x898.png 1536w\" sizes=\"(max-width: 1920px) 100vw, 1920px\" \/>\t\t\t\t\t\t\t\t\t\t\t\t\t\t\t<\/div>\n\t\t\t\t<\/div>\n\t\t<div class=\"elementor-element elementor-element-4929155d e-con-full e-flex wpr-particle-no wpr-jarallax-no wpr-parallax-no wpr-sticky-section-no e-con e-parent\" data-id=\"4929155d\" data-element_type=\"container\" data-settings=\"{&quot;background_background&quot;:&quot;classic&quot;}\">\n\t\t<div class=\"elementor-element elementor-element-14f5150f e-con-full e-flex wpr-particle-no wpr-jarallax-no wpr-parallax-no wpr-sticky-section-no e-con e-child\" data-id=\"14f5150f\" data-element_type=\"container\">\n\t\t\t\t<div class=\"elementor-element elementor-element-196ec405 elementor-widget elementor-widget-heading\" data-id=\"196ec405\" data-element_type=\"widget\" data-widget_type=\"heading.default\">\n\t\t\t\t\t<h2 class=\"elementor-heading-title elementor-size-default\">1\u00ba lugar no Pr\u00eamio Nacional Confap de Boas Pr\u00e1ticas em Ci\u00eancia, Tecnologia e Inova\u00e7\u00e3o<\/h2>\t\t\t\t<\/div>\n\t\t\t\t<div class=\"elementor-element elementor-element-5757bfe3 elementor-widget elementor-widget-text-editor\" data-id=\"5757bfe3\" data-element_type=\"widget\" data-widget_type=\"text-editor.default\">\n\t\t\t\t\t\t\t\t\t<p class=\"p1\">O projeto <span class=\"s1\"><b>MS+Ci\u00eancia<\/b><\/span>, que trabalha pela populariza\u00e7\u00e3o da ci\u00eancia em Mato Grosso do Sul, foi contemplado com o <span class=\"s1\"><b>1\u00ba lugar no Pr\u00eamio Nacional de Boas Pr\u00e1ticas em Ci\u00eancia, Tecnologia e Inova\u00e7\u00e3o<\/b><\/span>, promovido pelo <span class=\"s1\"><b>Confap<\/b><\/span> (Conselho Nacional das Funda\u00e7\u00f5es Estaduais de Amparo \u00e0 Pesquisa). A cerim\u00f4nia foi realizada na manh\u00e3 da quinta-feira, 3 de Julho, na sede da FAPESP, em S\u00e3o Paulo.<\/p><p class=\"p1\">Coordenado pelo jornalista e pesquisador <span class=\"s1\"><b>Andr\u00e9 Mazini<\/b><\/span>, o MS+Ci\u00eancia foi agraciado na categoria <span class=\"s1\"><b>\u201cDesenvolvimento de Ecossistemas de CT&amp;I\u201d<\/b><\/span>, superando concorrentes de estados como Rio de Janeiro e Bahia. Esse reconhecimento valoriza o trabalho colaborativo que alia ci\u00eancia, comunica\u00e7\u00e3o e educa\u00e7\u00e3o.<\/p><p class=\"p1\">O projeto \u00e9 fruto de uma parceria entre a <span class=\"s1\"><b>Fundect<\/b><\/span> (Funda\u00e7\u00e3o de Apoio ao Desenvolvimento do Ensino, Ci\u00eancia e Tecnologia do Estado) e a <span class=\"s1\"><b>UEMS<\/b><\/span> (Universidade Estadual de Mato Grosso do Sul), e reflete o empenho de toda uma rede que acredita no poder da divulga\u00e7\u00e3o cient\u00edfica para transformar realidades.<\/p>\t\t\t\t\t\t\t\t<\/div>\n\t\t\t\t<\/div>\n\t\t\t\t<div class=\"elementor-element elementor-element-8b32f6e elementor-widget__width-initial elementor-widget-tablet__width-inherit elementor-widget elementor-widget-image\" data-id=\"8b32f6e\" data-element_type=\"widget\" data-widget_type=\"image.default\">\n\t\t\t\t\t\t\t\t\t\t\t\t\t\t\t<img decoding=\"async\" width=\"800\" height=\"755\" src=\"https:\/\/midiaciencia.com\/novo\/wp-content\/uploads\/2025\/10\/uems_imagens_2025-07-03_15-03-59-1024x966.jpg\" class=\"attachment-large size-large wp-image-251\" alt=\"\" srcset=\"https:\/\/midiaciencia.com\/novo\/wp-content\/uploads\/2025\/10\/uems_imagens_2025-07-03_15-03-59-1024x966.jpg 1024w, https:\/\/midiaciencia.com\/novo\/wp-content\/uploads\/2025\/10\/uems_imagens_2025-07-03_15-03-59-300x283.jpg 300w, https:\/\/midiaciencia.com\/novo\/wp-content\/uploads\/2025\/10\/uems_imagens_2025-07-03_15-03-59-768x724.jpg 768w, https:\/\/midiaciencia.com\/novo\/wp-content\/uploads\/2025\/10\/uems_imagens_2025-07-03_15-03-59-1536x1449.jpg 1536w, https:\/\/midiaciencia.com\/novo\/wp-content\/uploads\/2025\/10\/uems_imagens_2025-07-03_15-03-59-2048x1932.jpg 2048w\" sizes=\"(max-width: 800px) 100vw, 800px\" \/>\t\t\t\t\t\t\t\t\t\t\t\t\t\t\t<\/div>\n\t\t\t\t<\/div>\n\t\t<div class=\"elementor-element elementor-element-e4daa02 e-con-full e-flex wpr-particle-no wpr-jarallax-no wpr-parallax-no wpr-sticky-section-no e-con e-parent\" data-id=\"e4daa02\" data-element_type=\"container\" data-settings=\"{&quot;background_background&quot;:&quot;classic&quot;}\">\n\t\t<div class=\"elementor-element elementor-element-734a111 e-con-full e-flex wpr-particle-no wpr-jarallax-no wpr-parallax-no wpr-sticky-section-no e-con e-child\" data-id=\"734a111\" data-element_type=\"container\">\n\t\t\t\t<div class=\"elementor-element elementor-element-4b28ee5 elementor-widget elementor-widget-heading\" data-id=\"4b28ee5\" data-element_type=\"widget\" data-widget_type=\"heading.default\">\n\t\t\t\t\t<h2 class=\"elementor-heading-title elementor-size-default\">Homenagem C\u00e2mara de vereadores<\/h2>\t\t\t\t<\/div>\n\t\t\t\t<div class=\"elementor-element elementor-element-ce7327e elementor-widget elementor-widget-text-editor\" data-id=\"ce7327e\" data-element_type=\"widget\" data-widget_type=\"text-editor.default\">\n\t\t\t\t\t\t\t\t\t<p class=\"p1\"><span class=\"s1\">Recebemos uma <\/span><b>mo\u00e7\u00e3o de congratula\u00e7\u00e3o na C\u00e2mara Municipal de Campo Grande<\/b><span class=\"s1\"> pelo trabalho de <\/span><b>populariza\u00e7\u00e3o da ci\u00eancia<\/b><span class=\"s1\"> que desenvolvemos desde 2016.<\/span><\/p><p class=\"p3\">Esse reconhecimento refor\u00e7a uma convic\u00e7\u00e3o que sempre guiou o projeto: acreditamos no poder do conhecimento cient\u00edfico e na import\u00e2ncia de que ele seja <span class=\"s2\"><b>apropriado, compreendido e ampliado pela sociedade<\/b><\/span>. Levar a ci\u00eancia para al\u00e9m dos muros da universidade, dialogar com diferentes p\u00fablicos e estimular a participa\u00e7\u00e3o das pessoas no processo de constru\u00e7\u00e3o do conhecimento segue sendo o nosso principal compromisso.<\/p><p class=\"p1\">Nosso agradecimento especial ao <span class=\"s1\"><b>Professor Juari (@professorjuari)<\/b><\/span> pela homenagem e a todas e todos que, ao longo dos anos, contribu\u00edram para o crescimento, a continuidade e o fortalecimento desse projeto que \u00e9 t\u00e3o importante para n\u00f3s.<\/p>\t\t\t\t\t\t\t\t<\/div>\n\t\t\t\t<\/div>\n\t\t\t\t<div class=\"elementor-element elementor-element-ebdd16b elementor-widget__width-initial elementor-widget-tablet__width-inherit elementor-widget elementor-widget-image\" data-id=\"ebdd16b\" data-element_type=\"widget\" data-widget_type=\"image.default\">\n\t\t\t\t\t\t\t\t\t\t\t\t\t\t\t<img decoding=\"async\" width=\"800\" height=\"585\" src=\"https:\/\/midiaciencia.com\/novo\/wp-content\/uploads\/2026\/01\/Homenagem-na-Camara-Capa-1024x749.png\" class=\"attachment-large size-large wp-image-504\" alt=\"\" srcset=\"https:\/\/midiaciencia.com\/novo\/wp-content\/uploads\/2026\/01\/Homenagem-na-Camara-Capa-1024x749.png 1024w, https:\/\/midiaciencia.com\/novo\/wp-content\/uploads\/2026\/01\/Homenagem-na-Camara-Capa-300x219.png 300w, https:\/\/midiaciencia.com\/novo\/wp-content\/uploads\/2026\/01\/Homenagem-na-Camara-Capa-768x562.png 768w, https:\/\/midiaciencia.com\/novo\/wp-content\/uploads\/2026\/01\/Homenagem-na-Camara-Capa.png 1080w\" sizes=\"(max-width: 800px) 100vw, 800px\" \/>\t\t\t\t\t\t\t\t\t\t\t\t\t\t\t<\/div>\n\t\t\t\t<\/div>\n\t\t<div class=\"elementor-element elementor-element-afc8bb7 e-con-full e-flex wpr-particle-no wpr-jarallax-no wpr-parallax-no wpr-sticky-section-no e-con e-parent\" data-id=\"afc8bb7\" data-element_type=\"container\" data-settings=\"{&quot;background_background&quot;:&quot;classic&quot;}\">\n\t\t<div class=\"elementor-element elementor-element-41e259a e-con-full e-flex wpr-particle-no wpr-jarallax-no wpr-parallax-no wpr-sticky-section-no e-con e-child\" data-id=\"41e259a\" data-element_type=\"container\">\n\t\t\t\t<div class=\"elementor-element elementor-element-de25c0e elementor-widget elementor-widget-heading\" data-id=\"de25c0e\" data-element_type=\"widget\" data-widget_type=\"heading.default\">\n\t\t\t\t\t<h2 class=\"elementor-heading-title elementor-size-default\">Document\u00e1rio \u201cMulheres na Ci\u00eancia\u201d recebe reconhecimento da Assembleia Legislativa de MS\n<\/h2>\t\t\t\t<\/div>\n\t\t\t\t<div class=\"elementor-element elementor-element-a7676a9 elementor-widget elementor-widget-text-editor\" data-id=\"a7676a9\" data-element_type=\"widget\" data-widget_type=\"text-editor.default\">\n\t\t\t\t\t\t\t\t\t<p class=\"p1\">A equipe idealizadora do document\u00e1rio <span class=\"s1\"><b>\u201cMulheres na Ci\u00eancia\u201d<\/b><\/span> recebeu uma <span class=\"s1\"><b>mo\u00e7\u00e3o de congratula\u00e7\u00e3o da Assembleia Legislativa de Mato Grosso do Sul (ALEMS)<\/b><\/span>, em reconhecimento ao trabalho desenvolvido na valoriza\u00e7\u00e3o das trajet\u00f3rias de pesquisadoras do estado. A homenagem destaca a relev\u00e2ncia da iniciativa para ampliar o debate p\u00fablico sobre g\u00eanero, ci\u00eancia e representatividade, al\u00e9m de refor\u00e7ar a import\u00e2ncia de tornar vis\u00edveis as contribui\u00e7\u00f5es femininas na produ\u00e7\u00e3o do conhecimento cient\u00edfico em Mato Grosso do Sul.<\/p><p class=\"p1\">A mo\u00e7\u00e3o, proposta no parlamento estadual, reconhece o impacto social, educativo e cultural do document\u00e1rio ao aproximar a ci\u00eancia da sociedade e estimular reflex\u00f5es sobre equidade no ambiente acad\u00eamico e cient\u00edfico.<\/p>\t\t\t\t\t\t\t\t<\/div>\n\t\t\t\t<\/div>\n\t\t\t\t<div class=\"elementor-element elementor-element-c177a78 elementor-widget__width-initial elementor-widget-tablet__width-inherit elementor-widget elementor-widget-image\" data-id=\"c177a78\" data-element_type=\"widget\" data-widget_type=\"image.default\">\n\t\t\t\t\t\t\t\t\t\t\t\t\t\t\t<img loading=\"lazy\" decoding=\"async\" width=\"697\" height=\"446\" src=\"https:\/\/midiaciencia.com\/novo\/wp-content\/uploads\/2026\/01\/uems_imagens_2024-11-12_13-32-15.jpeg\" class=\"attachment-large size-large wp-image-508\" alt=\"\" srcset=\"https:\/\/midiaciencia.com\/novo\/wp-content\/uploads\/2026\/01\/uems_imagens_2024-11-12_13-32-15.jpeg 697w, https:\/\/midiaciencia.com\/novo\/wp-content\/uploads\/2026\/01\/uems_imagens_2024-11-12_13-32-15-300x192.jpeg 300w\" sizes=\"(max-width: 697px) 100vw, 697px\" \/>\t\t\t\t\t\t\t\t\t\t\t\t\t\t\t<\/div>\n\t\t\t\t<\/div>\n\t\t\t\t<\/div>\n\t\t","protected":false},"excerpt":{"rendered":"<p>P\u00eamios e homenagens do projeto O projeto Midia Ci\u00eancia\u00a0dedicado \u00e0 populariza\u00e7\u00e3o da ci\u00eancia em Mato Grosso do Sul, tem seu trabalho reconhecido nacionalmente, reafirmando a relev\u00e2ncia de suas a\u00e7\u00f5es na promo\u00e7\u00e3o do acesso democr\u00e1tico ao conhecimento cient\u00edfico. 1\u00ba lugar no Pr\u00eamio Nacional Confap de Boas Pr\u00e1ticas em Ci\u00eancia, Tecnologia e Inova\u00e7\u00e3o O projeto MS+Ci\u00eancia, que trabalha pela populariza\u00e7\u00e3o da ci\u00eancia em Mato Grosso do Sul, foi contemplado com o 1\u00ba lugar no Pr\u00eamio Nacional de Boas Pr\u00e1ticas em Ci\u00eancia, Tecnologia e Inova\u00e7\u00e3o, promovido pelo Confap (Conselho Nacional das Funda\u00e7\u00f5es Estaduais de Amparo \u00e0 Pesquisa). A cerim\u00f4nia foi realizada na manh\u00e3 da quinta-feira, 3 de Julho, na sede da FAPESP, em S\u00e3o Paulo. Coordenado pelo jornalista e pesquisador Andr\u00e9 Mazini, o MS+Ci\u00eancia foi agraciado na categoria \u201cDesenvolvimento de Ecossistemas de CT&amp;I\u201d, superando concorrentes de estados como Rio de Janeiro e Bahia. Esse reconhecimento valoriza o trabalho colaborativo que alia ci\u00eancia, comunica\u00e7\u00e3o e educa\u00e7\u00e3o. O projeto \u00e9 fruto de uma parceria entre a Fundect (Funda\u00e7\u00e3o de Apoio ao Desenvolvimento do Ensino, Ci\u00eancia e Tecnologia do Estado) e a UEMS (Universidade Estadual de Mato Grosso do Sul), e reflete o empenho de toda uma rede que acredita no poder da divulga\u00e7\u00e3o cient\u00edfica para transformar realidades. Homenagem C\u00e2mara de vereadores Recebemos uma mo\u00e7\u00e3o de congratula\u00e7\u00e3o na C\u00e2mara Municipal de Campo Grande pelo trabalho de populariza\u00e7\u00e3o da ci\u00eancia que desenvolvemos desde 2016. Esse reconhecimento refor\u00e7a uma convic\u00e7\u00e3o que sempre guiou o projeto: acreditamos no poder do conhecimento cient\u00edfico e na import\u00e2ncia de que ele seja apropriado, compreendido e ampliado pela sociedade. Levar a ci\u00eancia para al\u00e9m dos muros da universidade, dialogar com diferentes p\u00fablicos e estimular a participa\u00e7\u00e3o das pessoas no processo de constru\u00e7\u00e3o do conhecimento segue sendo o nosso principal compromisso. Nosso agradecimento especial ao Professor Juari (@professorjuari) pela homenagem e a todas e todos que, ao longo dos anos, contribu\u00edram para o crescimento, a continuidade e o fortalecimento desse projeto que \u00e9 t\u00e3o importante para n\u00f3s. Document\u00e1rio \u201cMulheres na Ci\u00eancia\u201d recebe reconhecimento da Assembleia Legislativa de MS A equipe idealizadora do document\u00e1rio \u201cMulheres na Ci\u00eancia\u201d recebeu uma mo\u00e7\u00e3o de congratula\u00e7\u00e3o da Assembleia Legislativa de Mato Grosso do Sul (ALEMS), em reconhecimento ao trabalho desenvolvido na valoriza\u00e7\u00e3o das trajet\u00f3rias de pesquisadoras do estado. A homenagem destaca a relev\u00e2ncia da iniciativa para ampliar o debate p\u00fablico sobre g\u00eanero, ci\u00eancia e representatividade, al\u00e9m de refor\u00e7ar a import\u00e2ncia de tornar vis\u00edveis as contribui\u00e7\u00f5es femininas na produ\u00e7\u00e3o do conhecimento cient\u00edfico em Mato Grosso do Sul. A mo\u00e7\u00e3o, proposta no parlamento estadual, reconhece o impacto social, educativo e cultural do document\u00e1rio ao aproximar a ci\u00eancia da sociedade e estimular reflex\u00f5es sobre equidade no ambiente acad\u00eamico e cient\u00edfico.<\/p>\n","protected":false},"author":1,"featured_media":0,"parent":0,"menu_order":0,"comment_status":"closed","ping_status":"closed","template":"","meta":{"_eb_attr":"","footnotes":""},"categories":[],"tags":[],"class_list":["post-247","page","type-page","status-publish","hentry"],"_links":{"self":[{"href":"https:\/\/midiaciencia.com\/novo\/wp-json\/wp\/v2\/pages\/247","targetHints":{"allow":["GET"]}}],"collection":[{"href":"https:\/\/midiaciencia.com\/novo\/wp-json\/wp\/v2\/pages"}],"about":[{"href":"https:\/\/midiaciencia.com\/novo\/wp-json\/wp\/v2\/types\/page"}],"author":[{"embeddable":true,"href":"https:\/\/midiaciencia.com\/novo\/wp-json\/wp\/v2\/users\/1"}],"replies":[{"embeddable":true,"href":"https:\/\/midiaciencia.com\/novo\/wp-json\/wp\/v2\/comments?post=247"}],"version-history":[{"count":14,"href":"https:\/\/midiaciencia.com\/novo\/wp-json\/wp\/v2\/pages\/247\/revisions"}],"predecessor-version":[{"id":724,"href":"https:\/\/midiaciencia.com\/novo\/wp-json\/wp\/v2\/pages\/247\/revisions\/724"}],"wp:attachment":[{"href":"https:\/\/midiaciencia.com\/novo\/wp-json\/wp\/v2\/media?parent=247"}],"wp:term":[{"taxonomy":"category","embeddable":true,"href":"https:\/\/midiaciencia.com\/novo\/wp-json\/wp\/v2\/categories?post=247"},{"taxonomy":"post_tag","embeddable":true,"href":"https:\/\/midiaciencia.com\/novo\/wp-json\/wp\/v2\/tags?post=247"}],"curies":[{"name":"wp","href":"https:\/\/api.w.org\/{rel}","templated":true}]}}